{"id":5747,"date":"2020-03-15T12:11:51","date_gmt":"2020-03-15T11:11:51","guid":{"rendered":"https:\/\/all4sardinia.com\/index.php\/reviews\/"},"modified":"2020-03-15T12:11:51","modified_gmt":"2020-03-15T11:11:51","slug":"reviews","status":"publish","type":"page","link":"https:\/\/all4sardinia.com\/en\/reviews\/","title":{"rendered":"Reviews"},"content":{"rendered":"\n<p><strong>Uno scorcio di paradiso<br><a href=\"https:\/\/all4sardinia.com\/index.php\/accommodation\/villa-t-1\/\">Loi&#8217;s 1 &#8211; Torre dei Corsari<\/a><\/strong><\/p>\n\n\n\n<p class=\"has-text-color has-tangerine-yellow-color\"> <i class=\"fas fa-star\"> <i class=\"fas fa-star\"> <i class=\"fas fa-star\"> <i class=\"fas fa-star\"> <i class=\"fas fa-star\"> <\/i><\/i><\/i><\/i><\/i><\/p>\n\n\n\n<p>&#8220;La villetta \u00e8 bellissima, persino meglio delle foto e situata in un contesto magnifico e molto silenzioso di villette affacciate sul mare.L&#8217;accoglienza \u00e8 stata meglio di qualsiasi aspettativa, Gianfranco (il proprietario) \u00e8 una persona gentilissima e molto simpatica ed attenta alle esigenze dei clienti.Dalla villetta si pu\u00f2 scegliere di andare in una caletta situata a pochi centinaia di metri o di andare alla spiaggia di Torre dei Corsari raggiungibile a piedi in una ventina di minuti oppure in macchina dove si pu\u00f2 parcheggiare facilmente nei vari parcheggi situati in prossimit\u00e0 della spiaggia.Unico neo della vacanza \u00e8 che siamo dovuti rientrare, non ce ne saremmo mai voluti andare da li!!!!Un caloroso abbraccio a Gianfranco e alla Sardegna che ci hanno regalato 13 giorni paradisiaci<\/p>\n\n\n\n<p>&#8220;Fonte: Homeaway.it&nbsp;<a rel=\"noreferrer noopener\" href=\"https:\/\/www.homeaway.it\/affitto-vacanze\/p1990195#reviews\" target=\"_blank\">Duccio D.<\/a><\/p>\n\n\n\n<hr class=\"wp-block-separator\"\/>\n\n\n\n<p><strong>Soggiorno fantastico!<br><a href=\"https:\/\/all4sardinia.com\/index.php\/accommodation\/su-moddissi\/\">Su Moddisi &#8211; Ogliastra<\/a><br><br><\/strong>&#8220;Villetta stupenda, struttura nuova, pulitissima e curata nei dettagli. Spiagge fantastiche a due passi. Proprietario sempre molto gentile e disponibile. Vacanza perfetta per chi vuole rilassarsi godendo della tranquillit\u00e0 della campagna e della natura incontaminata, di paesaggi mozzafiato e dell&#8217;ottima cucina ogliastrina. Vivamente consigliato!&#8221;<\/p>\n\n\n\n<p class=\"has-text-color has-tangerine-yellow-color\"> <i class=\"fas fa-star\"> <i class=\"fas fa-star\"> <i class=\"fas fa-star\"> <i class=\"fas fa-star\"> <i class=\"fas fa-star\"> <\/i><\/i><\/i><\/i><\/i><\/p>\n\n\n\n<p>Fonte: Homeaway.it&nbsp;<a rel=\"noreferrer noopener\" href=\"https:\/\/www.homeaway.it\/affitto-vacanze\/p6498785\" target=\"_blank\">Floriana L.<\/a><\/p>\n\n\n\n<hr class=\"wp-block-separator\"\/>\n\n\n\n<p><strong>Villino vicino al mare<br><a href=\"https:\/\/all4sardinia.com\/index.php\/ogliastra\/\">Sa Sermenta &#8211; Ogliastra<\/a><\/strong><\/p>\n\n\n\n<p class=\"has-text-color has-tangerine-yellow-color\"> <i class=\"fas fa-star\"> <i class=\"fas fa-star\"> <i class=\"fas fa-star\"> <i class=\"fas fa-star\"> <i class=\"fas fa-star\"> <\/i><\/i><\/i><\/i><\/i><\/p>\n\n\n\n<p>&#8220;Abbiamo soggiornato nel corrente mese di agosto per 12 giorni in questa casa, in due famiglie per un totale di sei persone. Situata in una zona tranquilla a circa 500 metri dal mare, la casa \u00e8 veramente bella, comoda, spaziosa, funzionale con tutte le comodit\u00e0 necessarie. Immersa in un ampio giardino \u00e8 dotata di un grande portico attrezzato di tavolo, sedie e sdraio, (dove \u00e8 possibile anche mangiare). Un bellissimo barbecue esterno completa la struttura. Ringraziamo ancora il gentilissimo Sig. Alessandro, sempre disponibile a soddisfare le nostre richieste ed informazioni, per il dolcetti tipici sardi che ci ha fatto trovare al nostro arrivo&#8221;<\/p>\n\n\n\n<p>Fonte: Homeaway.it&nbsp;<a rel=\"noreferrer noopener\" href=\"https:\/\/www.homeaway.it\/affitto-vacanze\/p6864023\" target=\"_blank\">Silvano B.<\/a><\/p>\n\n\n\n<hr class=\"wp-block-separator\"\/>\n\n\n\n<p><strong>Ottima posizione direttamente sul mare cristallino<br><a href=\"https:\/\/all4sardinia.com\/index.php\/accommodation\/su-entu\/\">Su Entu &#8211; Cardedu<\/a><\/strong><\/p>\n\n\n\n<p class=\"has-text-color has-tangerine-yellow-color\"> <i class=\"fas fa-star\"> <i class=\"fas fa-star\"> <i class=\"fas fa-star\"> <i class=\"fas fa-star\"> <i class=\"fas fa-star\"> <\/i><\/i><\/i><\/i><\/i><\/p>\n\n\n\n<p>&#8220;Bellissima vacanza nell&#8217;Ogliastra, una parte della Sardegna ancora poco turistica e percio&#8217; piu&#8217; affascinante. La casa corrisponde alla descrizione dell&#8217;annuncio, ha tutte le comodita&#8217; ed una terrazza dove noi abbiamo sempre fatto la prima colazione e cena guardando il mare veramente bello in quella zona. I proprietari sono stati gentilissimi e disponibili. Da consigliare&#8221;<\/p>\n\n\n\n<p>Fonte: Homeaway.it&nbsp;<a rel=\"noreferrer noopener\" href=\"https:\/\/www.homeaway.it\/affitto-vacanze\/p6890641\" target=\"_blank\">Roberto D.<\/a><\/p>\n\n\n\n<hr class=\"wp-block-separator\"\/>\n\n\n\n<p><strong>Ideale per chi cerca tranquillit\u00e0<br><a href=\"https:\/\/all4sardinia.com\/index.php\/accommodation\/sarenada-a\/\">S&#8217;Arenada &#8211; Cardedu<\/a><br><br><\/strong>&#8220;Perfetto per famiglia e gruppi di amici, comodo, ampio, con bellissimo scoperto..notevole il barbecue. L&#8217;unica cosa da migliorare \u00e8 climatizzare o ventilare la casa. Per il resto tutto perfetto. Tornerei anche subito&#8221;<\/p>\n\n\n\n<p class=\"has-text-color has-tangerine-yellow-color\"> <i class=\"fas fa-star\"> <i class=\"fas fa-star\"> <i class=\"fas fa-star\"> <i class=\"fas fa-star\"> <i class=\"fas fa-star\"> <\/i><\/i><\/i><\/i><\/i><\/p>\n\n\n\n<p>Fonte: Homeaway.it&nbsp;<a rel=\"noreferrer noopener\" href=\"https:\/\/www.homeaway.it\/affitto-vacanze\/p6906168\" target=\"_blank\">Marzia B.<\/a><\/p>\n\n\n\n<hr class=\"wp-block-separator\"\/>\n\n\n\n<p><strong>Ottima posizione per una bellissima vacanza<br><a href=\"https:\/\/all4sardinia.com\/index.php\/accommodation\/villa-v-2\/\">Su Sinnipiri &#8211; Cardedu<\/a><\/strong><\/p>\n\n\n\n<p class=\"has-text-color has-tangerine-yellow-color\"> <i class=\"fas fa-star\"> <i class=\"fas fa-star\"> <i class=\"fas fa-star\"> <i class=\"fas fa-star\"> <i class=\"fas fa-star\"> <\/i><\/i><\/i><\/i><\/i><\/p>\n\n\n\n<p>&#8220;Casa deliziosa, ben arredata, dotata di tutti i comforts necessari e puitissima! l&#8217;accoglienza del padrone \u00e8 stata ottima e ci ha fatto sentire a casa nostra. La nota vincente \u00e8 sicuramente la posizione della casa a pochi passi dal mare ma anche dal paese Cardedu dove si trovano i servizi necessari per ogni evenienza. Peccato aver trascorso cos\u00ec poco tempo, sicuramente ritorneremo in Ogliastra per scoprire le sue bellezze!&#8221;<\/p>\n\n\n\n<p>Fonte: Homeaway.it&nbsp;<a rel=\"noreferrer noopener\" href=\"https:\/\/www.homeaway.it\/affitto-vacanze\/p6495201\" target=\"_blank\">Giulia T.<\/a><\/p>\n\n\n\n<hr class=\"wp-block-separator\"\/>\n\n\n\n<p><strong>Buona<\/strong><br><strong><a href=\"http:\/\/all4sardinia.com\/it\/le-nostre-case\/zona-ogliastra?view=roomdetails&amp;roomid=13\">Su Serzu &#8211; Ogliastra<\/a><\/strong><\/p>\n\n\n\n<p class=\"has-text-color has-tangerine-yellow-color\"> <i class=\"fas fa-star\"> <i class=\"fas fa-star\"> <i class=\"fas fa-star\"> <i class=\"fas fa-star\"> <i class=\"fas fa-star\"> <\/i><\/i><\/i><\/i><\/i><\/p>\n\n\n\n<p>&nbsp;&#8220;Nel complesso un buon soggiorno ed una buona location per una famigliola di tre persone. L&#8217;appartamentino \u00e8 nuovo, appena ultimato e contiene tutto il necessario, manca a mio parere solo del condizionamento che il proprietario non ha ancora approntato, zona incubo per internet e cellulari ma si possono sempre spegnere, i proprietari molto gentili ci hanno offerto una cena tipica, molto gradita, con prodotti caserecci genuini veramente ottimi&#8221;<\/p>\n\n\n\n<p>Fonte: Homeaway.it&nbsp;<a rel=\"noreferrer noopener\" href=\"https:\/\/www.homeaway.it\/affitto-vacanze\/p8297348\" target=\"_blank\">Daniele R.<\/a><\/p>\n\n\n\n<hr class=\"wp-block-separator\"\/>\n\n\n\n<p><strong>Casa in campagna a Cardedu<\/strong><br><strong><a href=\"https:\/\/all4sardinia.com\/index.php\/accommodation\/villetta-sibiscus\/\">S&#8217;Ibiscus &#8211; Cardedu<\/a><\/strong>&nbsp;<\/p>\n\n\n\n<p class=\"has-text-color has-tangerine-yellow-color\"> <i class=\"fas fa-star\"> <i class=\"fas fa-star\"> <i class=\"fas fa-star\"> <i class=\"fas fa-star\"> <i class=\"fas fa-star\"> <\/i><\/i><\/i><\/i><\/i><\/p>\n\n\n\n<p>&#8220;La vacanza \u00e8 stata ottima, la casa come ce la aspettavamo e come ci era stata presentata: a breve distanza dalle spiagge pi\u00f9 belle, in posizione tranquilla, nel verde. Molto comodo il barbecue, un&#8217;ottima idea. Alessandro si \u00e8 dimostrato persona gentile e professionale, sempre pronto a fornire indicazioni sulle cose da fare e da vedere, e il miele e l&#8217;olio che ci ha procurato davvero squisiti.<br>Un suggerimento: integrare la dotazione di stoviglie e case per cucinare, ma l&#8217;essenziale non mancava.<br>Un luogo dove tornare<\/p>\n\n\n\n<p>&#8220;Fonte: Homeaway.it&nbsp;<a rel=\"noreferrer noopener\" href=\"https:\/\/www.homeaway.it\/affitto-vacanze\/p8345813\" target=\"_blank\">Mario D.<\/a><\/p>\n\n\n\n<hr class=\"wp-block-separator\"\/>\n\n\n\n<p><strong>Una vacanza meravigliosa<\/strong><br><strong><a href=\"https:\/\/all4sardinia.com\/index.php\/accommodation\/sa-nespula\/\">Sa Nespula &#8211; Ogliastra<\/a><\/strong>&nbsp;<\/p>\n\n\n\n<p class=\"has-text-color has-tangerine-yellow-color\"> <i class=\"fas fa-star\"> <i class=\"fas fa-star\"> <i class=\"fas fa-star\"> <i class=\"fas fa-star\"> <i class=\"fas fa-star\"> <\/i><\/i><\/i><\/i><\/i><\/p>\n\n\n\n<p>&#8220;Ho soggiornato in questa splendido appartamento nell&#8217;ultimo we di febbraio di ritorno da un viaggio di lavoro. Anche se non siamo in piena stagione estiva ho potuto ugualmente godere delle bellezze del posto e della cortesia della proprietaria che ci ha lasciato usufruire delle biciclette per girare nei dintorni del paese.<br>Sicuramente da provare in piena stagione estiva, ottima anche per famiglie&#8221;<\/p>\n\n\n\n<p>Fonte: Homeaway.it&nbsp;<a rel=\"noreferrer noopener\" href=\"https:\/\/www.homeaway.it\/affitto-vacanze\/p6966552\" target=\"_blank\">Giulia T.<\/a><\/p>\n\n\n\n<hr class=\"wp-block-separator\"\/>\n\n\n\n<p><strong>Assolutamente consigliato<\/strong><br><strong><a href=\"https:\/\/all4sardinia.com\/index.php\/accommodation\/su-terrassu\/\">Su Terrassu &#8211; Ogliastra<\/a><\/strong>&nbsp;<\/p>\n\n\n\n<p class=\"has-text-color has-tangerine-yellow-color\"> <i class=\"fas fa-star\"> <i class=\"fas fa-star\"> <i class=\"fas fa-star\"> <i class=\"fas fa-star\"> <i class=\"fas fa-star\"> <\/i><\/i><\/i><\/i><\/i><\/p>\n\n\n\n<p>&#8220;La sistemazione, ristrutturata da poco, ottima e curata. Ottima dotazione di accessori in cucina. Materassi rigidi e comodissimi. Strategicamente ottima per vicinanza falesie e servizi nel paese. Il proprietario gentile e disponibile<\/p>\n\n\n\n<p>&#8220;Fonte: Booking.it&nbsp;<a rel=\"noreferrer noopener\" href=\"https:\/\/www.booking.com\/hotel\/it\/su-terrassu.it.html#tab-reviews\" target=\"_blank\">Massimo<\/a><\/p>\n\n\n\n<hr class=\"wp-block-separator\"\/>\n\n\n\n<p><strong>Great view, cool breeze from the ocean on the terrace, two different beaches nearby<br><a href=\"https:\/\/all4sardinia.com\/index.php\/ville-torre-dei-corsari\/\">Loi&#8217;s 1 &#8211; Torre dei Corsari<\/a><br><\/strong><br>&#8220;We enjoyed the stay in the comfortable flat &#8211; even with a washing machine not yet mentioned in the description. And the welcome by Gianfranco was very friendly &#8211; despite our very rudimentary Italian he managed to get all the important information across to us \ud83d\ude09<br>We have been here for the last week of June, before the high season &#8230; therefore the quiet atmosphere we enjoyed might be not what to expect in August. But two shops in walking distance, the rocky beach 3 mins walking distance away with a lot of colourful fishes &#8211; and the great bay in the north of Torre (we always took the car there with all our beach equipment, 3 mins drive) with the sandy beach and nice waves, sometimes OK for small surfing rides &#8230; We recommend the house for 4 people, 6 would be a little tightly packed in the lining room or on the terrace &#8211; but we highly recommend it for a relaxing stay on the west coast ;-)&#8221;<\/p>\n\n\n\n<p class=\"has-text-color has-tangerine-yellow-color\"> <i class=\"fas fa-star\"> <i class=\"fas fa-star\"> <i class=\"fas fa-star\"> <i class=\"fas fa-star\"> <i class=\"fas fa-star\"> <\/i><\/i><\/i><\/i><\/i><\/p>\n\n\n\n<p>Source: Homeaway.it&nbsp;<a rel=\"noreferrer noopener\" href=\"https:\/\/www.homeaway.it\/affitto-vacanze\/p1990195\" target=\"_blank\">Christian O.<\/a><\/p>\n\n\n\n<hr class=\"wp-block-separator\"\/>\n\n\n\n<p><strong>Einfach perfekt!<\/strong><br><strong><a href=\"https:\/\/all4sardinia.com\/index.php\/accommodation\/villetta-sa-sermenta\/\">Sa Sermenta &#8211; Ogliastra<\/a><\/strong><\/p>\n\n\n\n<p class=\"has-text-color has-tangerine-yellow-color\"> <i class=\"fas fa-star\"> <i class=\"fas fa-star\"> <i class=\"fas fa-star\"> <i class=\"fas fa-star\"> <i class=\"fas fa-star\"> <\/i><\/i><\/i><\/i><\/i><\/p>\n\n\n\n<p>&#8220;Wir haben zu viert dort 9 Tage verbracht und waren rundum zufrieden! Leere Str\u00e4nde und bezahlbare Gesch\u00e4fte direkt in der N\u00e4he &#8211; Wir kommen definitiv wieder! Das Haus war einem guten Zustand, allerdings darf man sich vor Krabbeltieren nicht ekeln, das Haus steht nun mal mitten im Gr\u00fcnen (so wie auf den Bildern). Die Besitzer wohnen gleich nebenan und sind sehr nett und hilfsbereit :)&#8221;<\/p>\n\n\n\n<p>Source: Homeaway.it&nbsp;<a rel=\"noreferrer noopener\" href=\"https:\/\/www.homeaway.it\/affitto-vacanze\/p6864023\" target=\"_blank\">Jeannette J.<\/a><\/p>\n\n\n\n<hr class=\"wp-block-separator\"\/>\n\n\n\n<p><strong>Nice Big Villa in Beautiful Area<br><a href=\"https:\/\/all4sardinia.com\/index.php\/accommodation\/sa-ingia\/\">Sa Ingia &#8211; Ogliastra<\/a><\/strong><\/p>\n\n\n\n<p class=\"has-text-color has-tangerine-yellow-color\"> <i class=\"fas fa-star\"> <i class=\"fas fa-star\"> <i class=\"fas fa-star\"> <i class=\"fas fa-star\"> <i class=\"fas fa-star\"> <\/i><\/i><\/i><\/i><\/i><\/p>\n\n\n\n<p>&#8220;4 Bedrooms, clean and spacious. Owners friendly and welcoming. Surrounding area is absolutely stunning&#8221;<\/p>\n\n\n\n<p>Source: Homeaway.it&nbsp;<a rel=\"noreferrer noopener\" href=\"https:\/\/www.homeaway.it\/affitto-vacanze\/p6904496\" target=\"_blank\">Tom B.<\/a><\/p>\n\n\n\n<hr class=\"wp-block-separator\"\/>\n\n\n\n<p><strong>Wonderful vacations in Cardedu<br><a href=\"https:\/\/all4sardinia.com\/index.php\/accommodation\/sarenada-b\/\">S&#8217;Arenada &#8211; Cardedu<\/a><\/strong><\/p>\n\n\n\n<p class=\"has-text-color has-tangerine-yellow-color\"> <i class=\"fas fa-star\"> <i class=\"fas fa-star\"> <i class=\"fas fa-star\"> <i class=\"fas fa-star\"> <i class=\"fas fa-star\"> <\/i><\/i><\/i><\/i><\/i><\/p>\n\n\n\n<p>&#8220;We had some wonderful vacations in one of the two apartments in your holiday house in Cardedu. We appreciated the good quality of the mattress. We could sleep very well! The surroundings were mostly calm and you have a good privacy and can relax without being disturbed. We liked very much the hammock in the garden unter a big tree. The contact and the help of Alessandro was very nice. We can warmly recommend to come here to have vacations. Thanks a lot!&#8221;<\/p>\n\n\n\n<p>Source: Homeaway.it&nbsp;<a rel=\"noreferrer noopener\" href=\"https:\/\/www.homeaway.it\/affitto-vacanze\/p6906168\" target=\"_blank\">Joseph P.<\/a><\/p>\n\n\n\n<hr class=\"wp-block-separator\"\/>\n\n\n\n<p><strong>Great!<br><a href=\"https:\/\/all4sardinia.com\/index.php\/accommodation\/sa-nespula\/\">Sa Nespula &#8211; Ogliastra<\/a><\/strong><\/p>\n\n\n\n<p class=\"has-text-color has-tangerine-yellow-color\"> <i class=\"fas fa-star\"> <i class=\"fas fa-star\"> <i class=\"fas fa-star\"> <i class=\"fas fa-star\"> <i class=\"fas fa-star\"> <\/i><\/i><\/i><\/i><\/i><\/p>\n\n\n\n<p>&#8220;When we arrived, the house was much broader than on the pictures on the internet. Plus very clean and tidy. Also during the unexpected problems with the sewage during our stay, the owner has provided us with fantastic care and help. This house is really recommended in a beautiful setting!&#8221;<\/p>\n\n\n\n<p>Source: Homeaway.it&nbsp;<a rel=\"noreferrer noopener\" href=\"https:\/\/www.homeaway.it\/affitto-vacanze\/p6966552\" target=\"_blank\">Loureen K.<\/a><\/p>\n\n\n\n<hr class=\"wp-block-separator\"\/>\n\n\n\n<p><strong>Immersione nel silenzio<\/strong><br><strong><a href=\"https:\/\/all4sardinia.com\/index.php\/accommodation\/sa-pruna\/\">Sa Pruna &#8211; Ogliastra<\/a><\/strong><\/p>\n\n\n\n<p class=\"has-text-color has-tangerine-yellow-color\"> <i class=\"fas fa-star\"> <i class=\"fas fa-star\"> <i class=\"fas fa-star\"> <i class=\"fas fa-star\"> <i class=\"fas fa-star\"> <\/i><\/i><\/i><\/i><\/i><\/p>\n\n\n\n<p>&#8220;Ci siamo trovati benissimo, la casa \u00e8 immersa nel silenzio e nella natura, se si \u00e8 in cerca di pace a pochi km da spiagge meravigliose \u00e8 il posto ideale.<br>I proprietari, sono stati sempre gentili, accoglienti, generosi e discreti&#8221;<\/p>\n\n\n\n<p>Source: Homeaway.it&nbsp;<a rel=\"noreferrer noopener\" href=\"https:\/\/www.homeaway.it\/affitto-vacanze\/p8368102\" target=\"_blank\">Michele V.<\/a><\/p>\n\n\n\n<hr class=\"wp-block-separator\"\/>\n\n\n\n<p><strong>Toller Urlaub in gem\u00fctlichem H\u00e4uschen<\/strong><br><strong><a href=\"https:\/\/all4sardinia.com\/index.php\/accommodation\/su-lioni\/\">Su Lioni &#8211; Ogliastr<\/a><\/strong><\/p>\n\n\n\n<p class=\"has-text-color has-tangerine-yellow-color\"> <i class=\"fas fa-star\"> <i class=\"fas fa-star\"> <i class=\"fas fa-star\"> <i class=\"fas fa-star\"> <i class=\"fas fa-star\"> <\/i><\/i><\/i><\/i><\/i><\/p>\n\n\n\n<p>&#8220;Sardinien Urlaub September 07. Haus gut ausgestattet, mit sch\u00f6ner Terrasse. Zu Fuss nicht mal 5 min. zum Meer. Rundum zum Wohlf\u00fchlen. Wir kommen gerne wieder. Barisardo zudem ein sch\u00f6nes St\u00e4dtchen&#8221;<\/p>\n\n\n\n<p>Source: Homeaway.it&nbsp;<a rel=\"noreferrer noopener\" href=\"https:\/\/www.homeaway.it\/affitto-vacanze\/p6906167\" target=\"_blank\">Klaus R.<\/a><\/p>\n\n\n\n<hr class=\"wp-block-separator\"\/>\n\n\n\n<p><strong>Exzellente Unterkunft<\/strong><br><strong><a href=\"https:\/\/all4sardinia.com\/index.php\/accommodation\/appartamento-su-serzu-1\/\">Su Serzu &#8211; Ogliastra<\/a><\/strong><\/p>\n\n\n\n<p class=\"has-text-color has-tangerine-yellow-color\"> <i class=\"fas fa-star\"> <i class=\"fas fa-star\"> <i class=\"fas fa-star\"> <i class=\"fas fa-star\"> <i class=\"fas fa-star\"> <\/i><\/i><\/i><\/i><\/i><\/p>\n\n\n\n<p>&nbsp;&#8220;Das kleine Appartement ist funkelnagelneu , liebevoll und perfekt eingerichtet , man vermisst nichts einen weiteren Extrastern bekommen unsere Gastgeber &#8211; sie waren \u00e4usserst entgegenkommend und nett<br>Gloria &amp; Luca, wir kommen gerne wieder!!!<br>Alles Gute f\u00fcr Euch und die Familie!!!&#8221;<\/p>\n\n\n\n<p>Source: Homeaway.it&nbsp;<a rel=\"noreferrer noopener\" href=\"https:\/\/www.homeaway.it\/affitto-vacanze\/p8297348\" target=\"_blank\">Gabriele F.<\/a><\/p>\n\n\n\n<hr class=\"wp-block-separator\"\/>\n\n\n\n<p><strong>Soggiorno fantastico<\/strong><br><strong><a href=\"https:\/\/all4sardinia.com\/index.php\/accommodation\/su-moddissi\/\">Su Moddissi &#8211; Ogliastra<\/a><\/strong><\/p>\n\n\n\n<p class=\"has-text-color has-tangerine-yellow-color\"> <i class=\"fas fa-star\"> <i class=\"fas fa-star\"> <i class=\"fas fa-star\"> <i class=\"fas fa-star\"> <i class=\"fas fa-star\"> <\/i><\/i><\/i><\/i><\/i><\/p>\n\n\n\n<p>&nbsp;&#8220;Villetta stupenda, struttura nuova, pulitissima e curata nei dettagli. Spiagge fantastiche a due passi. Proprietario sempre molto gentile e disponibile. Vacanza perfetta per chi vuole rilassarsi godendo della tranquillit\u00e0 della campagna e della natura incontaminata, di paesaggi mozzafiato e dell&#8217;ottima cucina ogliastrina. Vivamente consigliato!&#8221;<\/p>\n\n\n\n<p>Source: Homeaway.it&nbsp;<a rel=\"noreferrer noopener\" href=\"https:\/\/www.homeaway.it\/affitto-vacanze\/p6498785\" target=\"_blank\">Floriana L.<\/a><\/p>\n\n\n\n<hr class=\"wp-block-separator\"\/>\n\n\n\n<p><strong>Typisch italienisch! Einfach toll!<\/strong> <br><strong><a href=\"https:\/\/all4sardinia.com\/index.php\/accommodation\/villa-v-1\/\">Casa L\u00f9 &#8211; Villasimius<\/a><\/strong><\/p>\n\n\n\n<p class=\"has-text-color has-tangerine-yellow-color\"> <i class=\"fas fa-star\"> <i class=\"fas fa-star\"> <i class=\"fas fa-star\"> <i class=\"fas fa-star\"> <i class=\"fas fa-star\"> <\/i><\/i><\/i><\/i><\/i><\/p>\n\n\n\n<p>&nbsp;&#8220;Wir waren eine Woche in Villasimius!<br>Das Haus ist toll und super eingerichtet und ausgestattet. (K\u00fcche komplett&#8230; sogar Strandhandt\u00fccher, Sonnenschirm, Buddelzeug f\u00fcr die Kids). Wir hatten einen tollen Aufenthalt und kommen sicher wieder! Mille grazie!&#8221;<\/p>\n\n\n\n<p>Source: Homeaway.it&nbsp;<a rel=\"noreferrer noopener\" href=\"https:\/\/www.homeaway.it\/affitto-vacanze\/p8169352\" target=\"_blank\">Sabrina D.<\/a><\/p>\n\n\n\n<hr class=\"wp-block-separator\"\/>\n\n\n\n<p><strong>Bella! Wonderful hidden gem of Sardinia<\/strong><br><strong><a href=\"https:\/\/all4sardinia.com\/index.php\/accommodation\/casa-orru\/\">Casa Orr\u00f9 &#8211; Ogliastra<\/a><\/strong><\/p>\n\n\n\n<p class=\"has-text-color has-tangerine-yellow-color\"> <i class=\"fas fa-star\"> <i class=\"fas fa-star\"> <i class=\"fas fa-star\"> <i class=\"fas fa-star\"> <i class=\"fas fa-star\"> <\/i><\/i><\/i><\/i><\/i><\/p>\n\n\n\n<p>&nbsp;&#8220;Casa Orru, was outstanding! It has a gorgeous terrace overlooking onto breathtaking scenery and waking up to the mountains everyday was amazing. Alessandro was a wonderful host he escorted me from the airport directly to the apartment and he was always quick to respond to anything I asked.<br>There was a bottle of bubbly and brochures to read about the surrounding areas; waiting in the apartment on arrival.<br>The apartment was extremely clean and spacious and there is also a BBQ on the terrace.<br>The supermarket is a stone&#8217;s throw away, the downside is that it does not open in the afternoon but you can purchase almost anything you need.<br>The local people were very welcoming and I was shown around to various different places. They do however take some warming up to you if you are from abroad but once they get to know you they can&#8217;t do enough. I would recommend a car but it&#8217;s not essential. There is a bus route on the main road outside the apartment.<br>Overall I was extremely happy with my stay and would recommend to anyone wanting to experience the real Sardinia. Thank you Alessandro!&#8221;<\/p>\n\n\n\n<p>Source: Homeaway.it&nbsp;<a rel=\"noreferrer noopener\" href=\"https:\/\/www.homeaway.it\/affitto-vacanze\/p8519020\" target=\"_blank\">Stephanie K.<\/a><\/p>\n","protected":false},"excerpt":{"rendered":"<p>Uno scorcio di paradisoLoi&#8217;s 1 &#8211; Torre dei Corsari &#8220;La villetta \u00e8 bellissima, persino meglio delle foto e situata in un contesto magnifico e molto silenzioso di villette affacciate sul mare.L&#8217;accoglienza \u00e8 stata meglio di qualsiasi aspettativa, Gianfranco (il proprietario) \u00e8 una persona gentilissima e molto simpatica ed attenta alle esigenze dei clienti.Dalla villetta si [&hellip;]<\/p>\n","protected":false},"author":4,"featured_media":0,"parent":0,"menu_order":0,"comment_status":"closed","ping_status":"closed","template":"","meta":{"inline_featured_image":false,"footnotes":""},"class_list":["post-5747","page","type-page","status-publish","hentry"],"_links":{"self":[{"href":"https:\/\/all4sardinia.com\/en\/wp-json\/wp\/v2\/pages\/5747","targetHints":{"allow":["GET"]}}],"collection":[{"href":"https:\/\/all4sardinia.com\/en\/wp-json\/wp\/v2\/pages"}],"about":[{"href":"https:\/\/all4sardinia.com\/en\/wp-json\/wp\/v2\/types\/page"}],"author":[{"embeddable":true,"href":"https:\/\/all4sardinia.com\/en\/wp-json\/wp\/v2\/users\/4"}],"replies":[{"embeddable":true,"href":"https:\/\/all4sardinia.com\/en\/wp-json\/wp\/v2\/comments?post=5747"}],"version-history":[{"count":0,"href":"https:\/\/all4sardinia.com\/en\/wp-json\/wp\/v2\/pages\/5747\/revisions"}],"wp:attachment":[{"href":"https:\/\/all4sardinia.com\/en\/wp-json\/wp\/v2\/media?parent=5747"}],"curies":[{"name":"wp","href":"https:\/\/api.w.org\/{rel}","templated":true}]}}